{"id":25,"date":"2015-02-23T21:35:37","date_gmt":"2015-02-23T20:35:37","guid":{"rendered":"http:\/\/www.xn--hany-samfunnshus-nxb.no\/?page_id=25"},"modified":"2017-11-06T12:46:27","modified_gmt":"2017-11-06T11:46:27","slug":"hoveside","status":"publish","type":"page","link":"http:\/\/www.xn--hany-samfunnshus-nxb.no\/?page_id=25","title":{"rendered":"Hoveside"},"content":{"rendered":"<p>Han\u00f8y Samfunnshus eies av andelshavere der i blant U. L. Sj\u00f8lund, Han\u00f8y Folkedansering, Han\u00f8y Skolemusikk, Vestsiden-Ask\u00f8y IL og sv\u00e6rt mange privatpersoner.<br \/>\nHuset drives p\u00e5 dugnad av et styre som representerer eierne.<br \/>\nKjeller leies ut til Ask\u00f8y Kommune som barnehage og til Ask\u00f8y skytterlag<br \/>\nHuset leies ogs\u00e5 ut til fritidsaktiviteter.<br \/>\nLett adkomst for rullestolbrukere.<\/p>\n<p>&nbsp;<\/p>\n<p>TIL INFO: Vi har mange som har forh\u00e5ndsbestilt for konfirmasjoner i \u00e5rene fremover, vi har ikke f\u00e5tt lagt inn alle i kalenderen. S\u00e5 det kan st\u00e5 ledig i noen tilfeller, men da m\u00e5 vi sjekke opp i mot listen vi har med bestillinger.<\/p>\n","protected":false},"excerpt":{"rendered":"<p>Han\u00f8y Samfunnshus eies av andelshavere der i blant U. L. Sj\u00f8lund, Han\u00f8y Folkedansering, Han\u00f8y Skolemusikk, Vestsiden-Ask\u00f8y IL og sv\u00e6rt mange privatpersoner. Huset drives p\u00e5 dugnad av et styre som representerer eierne. Kjeller leies ut til Ask\u00f8y Kommune som barnehage og til Ask\u00f8y skytterlag Huset leies ogs\u00e5 ut til fritidsaktiviteter. Lett adkomst for rullestolbrukere. &nbsp; TIL &hellip; <a href=\"http:\/\/www.xn--hany-samfunnshus-nxb.no\/?page_id=25\" class=\"more-link\">Fortsett \u00e5 lese <span class=\"screen-reader-text\">Hoveside<\/span><\/a><\/p>\n","protected":false},"author":1,"featured_media":0,"parent":0,"menu_order":0,"comment_status":"open","ping_status":"open","template":"","meta":{"jetpack_post_was_ever_published":false},"jetpack_sharing_enabled":true,"jetpack_shortlink":"https:\/\/wp.me\/P7vwCw-p","jetpack-related-posts":[{"id":163,"url":"http:\/\/www.xn--hany-samfunnshus-nxb.no\/?page_id=163","url_meta":{"origin":25,"position":0},"title":"Utleiebetingelser","date":"25. august 2017","format":false,"excerpt":"\u00a0 Det blir skrevet en kontrakt som m\u00e5 leses, underskrives og returneres til utleier. Prosedyre av brannvarslingsanlegget avtales f\u00f8r utleiesdato. Leietaker m\u00e5 v\u00e6re minimum 25 \u00e5r. Det er ikke mulig \u00e5 feire dager til personer under 25 \u00e5r. Kontrakt ved leie av Han\u00f8y Samfunnshus Han\u00f8y Samfunnshus som utleier og __________________\u2026","rel":"","context":"Liknende innlegg","img":{"alt_text":"","src":"","width":0,"height":0},"classes":[]},{"id":10,"url":"http:\/\/www.xn--hany-samfunnshus-nxb.no\/?page_id=10","url_meta":{"origin":25,"position":1},"title":"Historie","date":"23. februar 2015","format":false,"excerpt":"N\u00e5r det skal fortelles noe om historien til Han\u00f8y Samfunnshus, s\u00e5 er prologen til Gudrun Johansen ved \u00e5pningen av huset, kanskje det som best kan beskrive den. Prologen var s\u00e5 godt skrevet at ordf\u00f8rerengav honn\u00f8r, da han holdt sin festtale ved\u00e5pningen av huset. Gudrun Johansen har gitt oss tillatelse til\u2026","rel":"","context":"Liknende innlegg","img":{"alt_text":"","src":"","width":0,"height":0},"classes":[]},{"id":46,"url":"http:\/\/www.xn--hany-samfunnshus-nxb.no\/?page_id=46","url_meta":{"origin":25,"position":2},"title":"Prolog","date":"2. mai 2015","format":false,"excerpt":"Prolog ved \u00e5pning av Han\u00f8y Samfunnshus Eg st\u00e5r her s\u00e5 kry eg er reint betatt det er som \u00e5 ha vakna i ei beksvart natt Sj\u00e5 tussa og troll i kvar einaste kr\u00e5 og tru eg er kommen i bergje det bl\u00e5 S\u00e5 blir det og kviskra kom her, kom\u2026","rel":"","context":"Liknende innlegg","img":{"alt_text":"","src":"","width":0,"height":0},"classes":[]},{"id":28,"url":"http:\/\/www.xn--hany-samfunnshus-nxb.no\/?page_id=28","url_meta":{"origin":25,"position":3},"title":"Bestilling\/booking","date":"23. februar 2015","format":false,"excerpt":"\u00a0 For \u00e5 bestille velger du de dagene du \u00f8nsker og fyller ut alle feltene. Det er lurt \u00e5 fylle ut beskrivelse s\u00e5 godt som du kan. Dekking dagen f\u00f8r koster 1000,-\u00a0 Husk \u00e5 legge inn bestilling p\u00e5 den dagen ogs\u00e5. Det er ikke mulig \u00e5 reservere flere helger p\u00e5\u2026","rel":"","context":"Liknende innlegg","img":{"alt_text":"","src":"","width":0,"height":0},"classes":[]},{"id":19,"url":"http:\/\/www.xn--hany-samfunnshus-nxb.no\/?page_id=19","url_meta":{"origin":25,"position":4},"title":"Priser","date":"23. februar 2015","format":false,"excerpt":"Leie av hele huset (inkludert vask): kr 6000,- Leie av storsal med kj\u00f8kken (inkludert vask) 5000,- Leie av sm\u00e5salen og m\/kj\u00f8kken (inkludert vask): kr 3000,- Leie i ukedagene til lagsaktiviteter mandag til torsdag: kr 500,- dette inneb\u00e6rer at de som leier vasker selv. Leie for ekstra dag til dekking er\u2026","rel":"","context":"Liknende innlegg","img":{"alt_text":"","src":"","width":0,"height":0},"classes":[]},{"id":13,"url":"http:\/\/www.xn--hany-samfunnshus-nxb.no\/?page_id=13","url_meta":{"origin":25,"position":5},"title":"Kontakt","date":"23. februar 2015","format":false,"excerpt":"StyrelederStian N. HauglandMob: 98 62 84 96E-post: snh@stenersen.com NestlederEspen Pedersen KassererMalene Rogns\u00e5 BertelsenE-post: okonomi@hanoy-samfunnshus.no Sekret\u00e6rLisbeth A. Lyngb\u00f8E-post: styret@hanoy-samfunnshus.no StyremedlemHenrik Andersen J\u00f8nssonVaktmesterTlf: 46 62 03 52 VaramedlemThor Espen Johannessen Utleieansvarlig Christel W. PedersenE-post: booking@hanoy-samfunnshus.no","rel":"","context":"Liknende innlegg","img":{"alt_text":"","src":"","width":0,"height":0},"classes":[]}],"_links":{"self":[{"href":"http:\/\/www.xn--hany-samfunnshus-nxb.no\/index.php?rest_route=\/wp\/v2\/pages\/25"}],"collection":[{"href":"http:\/\/www.xn--hany-samfunnshus-nxb.no\/index.php?rest_route=\/wp\/v2\/pages"}],"about":[{"href":"http:\/\/www.xn--hany-samfunnshus-nxb.no\/index.php?rest_route=\/wp\/v2\/types\/page"}],"author":[{"embeddable":true,"href":"http:\/\/www.xn--hany-samfunnshus-nxb.no\/index.php?rest_route=\/wp\/v2\/users\/1"}],"replies":[{"embeddable":true,"href":"http:\/\/www.xn--hany-samfunnshus-nxb.no\/index.php?rest_route=%2Fwp%2Fv2%2Fcomments&post=25"}],"version-history":[{"count":4,"href":"http:\/\/www.xn--hany-samfunnshus-nxb.no\/index.php?rest_route=\/wp\/v2\/pages\/25\/revisions"}],"predecessor-version":[{"id":196,"href":"http:\/\/www.xn--hany-samfunnshus-nxb.no\/index.php?rest_route=\/wp\/v2\/pages\/25\/revisions\/196"}],"wp:attachment":[{"href":"http:\/\/www.xn--hany-samfunnshus-nxb.no\/index.php?rest_route=%2Fwp%2Fv2%2Fmedia&parent=25"}],"curies":[{"name":"wp","href":"https:\/\/api.w.org\/{rel}","templated":true}]}}